{"id":761,"date":"2024-12-04T16:27:00","date_gmt":"2024-12-04T15:27:00","guid":{"rendered":"https:\/\/buttelli-communication.com\/?page_id=761"},"modified":"2025-02-05T10:21:00","modified_gmt":"2025-02-05T09:21:00","slug":"mentions-legales","status":"publish","type":"page","link":"https:\/\/buttelli-communication.com\/index.php\/mentions-legales\/","title":{"rendered":"Mentions L\u00e9gales"},"content":{"rendered":"\t\t<div data-elementor-type=\"wp-page\" data-elementor-id=\"761\" class=\"elementor elementor-761\">\n\t\t\t\t<div class=\"elementor-element elementor-element-8ceb8de e-flex e-con-boxed e-con e-parent\" data-id=\"8ceb8de\" data-element_type=\"container\" data-e-type=\"container\">\n\t\t\t\t\t<div class=\"e-con-inner\">\n\t\t<div class=\"elementor-element elementor-element-9378868 e-con-full e-flex e-con e-child\" data-id=\"9378868\" data-element_type=\"container\" data-e-type=\"container\">\n\t\t\t\t<div class=\"elementor-element elementor-element-1fd36a0 elementor-widget elementor-widget-heading\" data-id=\"1fd36a0\" data-element_type=\"widget\" data-e-type=\"widget\" data-widget_type=\"heading.default\">\n\t\t\t\t<div class=\"elementor-widget-container\">\n\t\t\t\t\t<h1 class=\"elementor-heading-title elementor-size-default\">MENTIONS L\u00c9GALES<\/h1>\t\t\t\t<\/div>\n\t\t\t\t<\/div>\n\t\t\t\t<div class=\"elementor-element elementor-element-42efd79 elementor-widget-divider--view-line elementor-widget elementor-widget-divider\" data-id=\"42efd79\" data-element_type=\"widget\" data-e-type=\"widget\" data-widget_type=\"divider.default\">\n\t\t\t\t<div class=\"elementor-widget-container\">\n\t\t\t\t\t\t\t<div class=\"elementor-divider\">\n\t\t\t<span class=\"elementor-divider-separator\">\n\t\t\t\t\t\t<\/span>\n\t\t<\/div>\n\t\t\t\t\t\t<\/div>\n\t\t\t\t<\/div>\n\t\t\t\t<\/div>\n\t\t\t\t\t<\/div>\n\t\t\t\t<\/div>\n\t\t<div class=\"elementor-element elementor-element-430f75a e-flex e-con-boxed e-con e-parent\" data-id=\"430f75a\" data-element_type=\"container\" data-e-type=\"container\">\n\t\t\t\t\t<div class=\"e-con-inner\">\n\t\t\t\t<div class=\"elementor-element elementor-element-9d0eb2a elementor-widget elementor-widget-text-editor\" data-id=\"9d0eb2a\" data-element_type=\"widget\" data-e-type=\"widget\" data-widget_type=\"text-editor.default\">\n\t\t\t\t<div class=\"elementor-widget-container\">\n\t\t\t\t\t\t\t\t\t<h3><strong>\u00c9DITEUR DU SITE<\/strong><\/h3><p>BUTTELLI COMMUNICATION<\/p><p>50 avenue Marceau Ferry<br \/>24100 BERGERAC<br \/>T\u00e9l 06 14 66 93 93 \u2013 <a href=\"mailto:contact@buttellli-communication.com\" target=\"_blank\" rel=\"noopener\">contact@buttellli-communication.com<\/a><br \/>Responsable de la publication : M\u00e9lissa Buttelli<\/p><h3><strong>H\u00c9BERGEUR DU SITE<\/strong><\/h3><p><b>OVH Si\u00e8ge social : 2 rue Kellermann &#8211; 59100 Roubaix &#8211; France<\/b>. OVH SAS est une filiale de la soci\u00e9t\u00e9 OVH Groupe SA, soci\u00e9t\u00e9 immatricul\u00e9e au RCS de Lille sous le num\u00e9ro 537 407 926 sise 2, rue Kellermann, 59100 Roubaix.<\/p><h3><strong>CONCEPTION GRAPHIQUE ET D\u00c9VELOPPEMENT DU SITE<\/strong><\/h3><p>WEP Web En P\u00e9rigord<\/p><p>David Remark<\/p><p>T\u00e9l 06 12 25 50 33\u00a0<\/p><p><a href=\"mailto:webenperigord@gmail.com\" target=\"_blank\" rel=\"noopener\">webenperigord@gmail.com<\/a><\/p><p><a href=\"http:\/\/www.webenperigord.com\" target=\"_blank\" rel=\"noopener\">www.webenperigord.com<\/a><\/p><p><strong>CR\u00c9DIT PHOTOS<\/strong><\/p><p>Emmanuelle Choussy : <a href=\"https:\/\/emmanuellechoussy.com\/\" target=\"_blank\" rel=\"noopener\">www.emmanuellechoussy.com<\/a><\/p><p>Pexels<\/p><p>Envato<\/p><h3>\u00a0<\/h3><h3>\u00a0<\/h3><h4>\u00a0<\/h4>\t\t\t\t\t\t\t\t<\/div>\n\t\t\t\t<\/div>\n\t\t\t\t\t<\/div>\n\t\t\t\t<\/div>\n\t\t\t\t<\/div>\n\t\t","protected":false},"excerpt":{"rendered":"<p>MENTIONS L\u00c9GALES \u00c9DITEUR DU SITE BUTTELLI COMMUNICATION 50 avenue Marceau Ferry24100 BERGERACT\u00e9l 06 14 66 93 93 \u2013 contact@buttellli-communication.comResponsable de la publication : M\u00e9lissa Buttelli H\u00c9BERGEUR DU SITE OVH Si\u00e8ge social : 2 rue Kellermann &#8211; 59100 Roubaix &#8211; France. OVH SAS est une filiale de la soci\u00e9t\u00e9 OVH Groupe SA, soci\u00e9t\u00e9 immatricul\u00e9e au RCS [&hellip;]<\/p>\n","protected":false},"author":1,"featured_media":0,"parent":0,"menu_order":0,"comment_status":"closed","ping_status":"closed","template":"","meta":{"footnotes":""},"class_list":["post-761","page","type-page","status-publish","hentry","entry"],"yoast_head":"<!-- This site is optimized with the Yoast SEO plugin v27.0 - https:\/\/yoast.com\/product\/yoast-seo-wordpress\/ -->\n<title>Mentions L\u00e9gales - MELISSA BUTTELLI COMMUNICATION<\/title>\n<meta name=\"robots\" content=\"noindex, follow\" \/>\n<meta property=\"og:locale\" content=\"fr_FR\" \/>\n<meta property=\"og:type\" content=\"article\" \/>\n<meta property=\"og:title\" content=\"Mentions L\u00e9gales - MELISSA BUTTELLI COMMUNICATION\" \/>\n<meta property=\"og:description\" content=\"MENTIONS L\u00c9GALES \u00c9DITEUR DU SITE BUTTELLI COMMUNICATION 50 avenue Marceau Ferry24100 BERGERACT\u00e9l 06 14 66 93 93 \u2013 contact@buttellli-communication.comResponsable de la publication : M\u00e9lissa Buttelli H\u00c9BERGEUR DU SITE OVH Si\u00e8ge social : 2 rue Kellermann &#8211; 59100 Roubaix &#8211; France. OVH SAS est une filiale de la soci\u00e9t\u00e9 OVH Groupe SA, soci\u00e9t\u00e9 immatricul\u00e9e au RCS [&hellip;]\" \/>\n<meta property=\"og:url\" content=\"https:\/\/buttelli-communication.com\/index.php\/mentions-legales\/\" \/>\n<meta property=\"og:site_name\" content=\"MELISSA BUTTELLI COMMUNICATION\" \/>\n<meta property=\"article:modified_time\" content=\"2025-02-05T09:21:00+00:00\" \/>\n<meta name=\"twitter:card\" content=\"summary_large_image\" \/>\n<meta name=\"twitter:label1\" content=\"Dur\u00e9e de lecture estim\u00e9e\" \/>\n\t<meta name=\"twitter:data1\" content=\"1 minute\" \/>\n<script type=\"application\/ld+json\" class=\"yoast-schema-graph\">{\"@context\":\"https:\/\/schema.org\",\"@graph\":[{\"@type\":\"WebPage\",\"@id\":\"https:\/\/buttelli-communication.com\/index.php\/mentions-legales\/\",\"url\":\"https:\/\/buttelli-communication.com\/index.php\/mentions-legales\/\",\"name\":\"Mentions L\u00e9gales - MELISSA BUTTELLI COMMUNICATION\",\"isPartOf\":{\"@id\":\"https:\/\/buttelli-communication.com\/#website\"},\"datePublished\":\"2024-12-04T15:27:00+00:00\",\"dateModified\":\"2025-02-05T09:21:00+00:00\",\"breadcrumb\":{\"@id\":\"https:\/\/buttelli-communication.com\/index.php\/mentions-legales\/#breadcrumb\"},\"inLanguage\":\"fr-FR\",\"potentialAction\":[{\"@type\":\"ReadAction\",\"target\":[\"https:\/\/buttelli-communication.com\/index.php\/mentions-legales\/\"]}]},{\"@type\":\"BreadcrumbList\",\"@id\":\"https:\/\/buttelli-communication.com\/index.php\/mentions-legales\/#breadcrumb\",\"itemListElement\":[{\"@type\":\"ListItem\",\"position\":1,\"name\":\"Accueil\",\"item\":\"https:\/\/buttelli-communication.com\/\"},{\"@type\":\"ListItem\",\"position\":2,\"name\":\"Mentions L\u00e9gales\"}]},{\"@type\":\"WebSite\",\"@id\":\"https:\/\/buttelli-communication.com\/#website\",\"url\":\"https:\/\/buttelli-communication.com\/\",\"name\":\"MELISSA BUTTELLI COMMUNICATION\",\"description\":\"Relations Presse et Influence\",\"publisher\":{\"@id\":\"https:\/\/buttelli-communication.com\/#organization\"},\"potentialAction\":[{\"@type\":\"SearchAction\",\"target\":{\"@type\":\"EntryPoint\",\"urlTemplate\":\"https:\/\/buttelli-communication.com\/?s={search_term_string}\"},\"query-input\":{\"@type\":\"PropertyValueSpecification\",\"valueRequired\":true,\"valueName\":\"search_term_string\"}}],\"inLanguage\":\"fr-FR\"},{\"@type\":\"Organization\",\"@id\":\"https:\/\/buttelli-communication.com\/#organization\",\"name\":\"MELISSA BUTTELLI COMMUNICATION\",\"url\":\"https:\/\/buttelli-communication.com\/\",\"logo\":{\"@type\":\"ImageObject\",\"inLanguage\":\"fr-FR\",\"@id\":\"https:\/\/buttelli-communication.com\/#\/schema\/logo\/image\/\",\"url\":\"https:\/\/buttelli-communication.com\/wp-content\/uploads\/2024\/11\/cropped-LogoMelissaButtelliCommunicationMelissa_buttelli_communication_relations_presse_marketing_digital_bergerac_toulouse.webp\",\"contentUrl\":\"https:\/\/buttelli-communication.com\/wp-content\/uploads\/2024\/11\/cropped-LogoMelissaButtelliCommunicationMelissa_buttelli_communication_relations_presse_marketing_digital_bergerac_toulouse.webp\",\"width\":512,\"height\":512,\"caption\":\"MELISSA BUTTELLI COMMUNICATION\"},\"image\":{\"@id\":\"https:\/\/buttelli-communication.com\/#\/schema\/logo\/image\/\"}}]}<\/script>\n<!-- \/ Yoast SEO plugin. -->","yoast_head_json":{"title":"Mentions L\u00e9gales - MELISSA BUTTELLI COMMUNICATION","robots":{"index":"noindex","follow":"follow"},"og_locale":"fr_FR","og_type":"article","og_title":"Mentions L\u00e9gales - MELISSA BUTTELLI COMMUNICATION","og_description":"MENTIONS L\u00c9GALES \u00c9DITEUR DU SITE BUTTELLI COMMUNICATION 50 avenue Marceau Ferry24100 BERGERACT\u00e9l 06 14 66 93 93 \u2013 contact@buttellli-communication.comResponsable de la publication : M\u00e9lissa Buttelli H\u00c9BERGEUR DU SITE OVH Si\u00e8ge social : 2 rue Kellermann &#8211; 59100 Roubaix &#8211; France. OVH SAS est une filiale de la soci\u00e9t\u00e9 OVH Groupe SA, soci\u00e9t\u00e9 immatricul\u00e9e au RCS [&hellip;]","og_url":"https:\/\/buttelli-communication.com\/index.php\/mentions-legales\/","og_site_name":"MELISSA BUTTELLI COMMUNICATION","article_modified_time":"2025-02-05T09:21:00+00:00","twitter_card":"summary_large_image","twitter_misc":{"Dur\u00e9e de lecture estim\u00e9e":"1 minute"},"schema":{"@context":"https:\/\/schema.org","@graph":[{"@type":"WebPage","@id":"https:\/\/buttelli-communication.com\/index.php\/mentions-legales\/","url":"https:\/\/buttelli-communication.com\/index.php\/mentions-legales\/","name":"Mentions L\u00e9gales - MELISSA BUTTELLI COMMUNICATION","isPartOf":{"@id":"https:\/\/buttelli-communication.com\/#website"},"datePublished":"2024-12-04T15:27:00+00:00","dateModified":"2025-02-05T09:21:00+00:00","breadcrumb":{"@id":"https:\/\/buttelli-communication.com\/index.php\/mentions-legales\/#breadcrumb"},"inLanguage":"fr-FR","potentialAction":[{"@type":"ReadAction","target":["https:\/\/buttelli-communication.com\/index.php\/mentions-legales\/"]}]},{"@type":"BreadcrumbList","@id":"https:\/\/buttelli-communication.com\/index.php\/mentions-legales\/#breadcrumb","itemListElement":[{"@type":"ListItem","position":1,"name":"Accueil","item":"https:\/\/buttelli-communication.com\/"},{"@type":"ListItem","position":2,"name":"Mentions L\u00e9gales"}]},{"@type":"WebSite","@id":"https:\/\/buttelli-communication.com\/#website","url":"https:\/\/buttelli-communication.com\/","name":"MELISSA BUTTELLI COMMUNICATION","description":"Relations Presse et Influence","publisher":{"@id":"https:\/\/buttelli-communication.com\/#organization"},"potentialAction":[{"@type":"SearchAction","target":{"@type":"EntryPoint","urlTemplate":"https:\/\/buttelli-communication.com\/?s={search_term_string}"},"query-input":{"@type":"PropertyValueSpecification","valueRequired":true,"valueName":"search_term_string"}}],"inLanguage":"fr-FR"},{"@type":"Organization","@id":"https:\/\/buttelli-communication.com\/#organization","name":"MELISSA BUTTELLI COMMUNICATION","url":"https:\/\/buttelli-communication.com\/","logo":{"@type":"ImageObject","inLanguage":"fr-FR","@id":"https:\/\/buttelli-communication.com\/#\/schema\/logo\/image\/","url":"https:\/\/buttelli-communication.com\/wp-content\/uploads\/2024\/11\/cropped-LogoMelissaButtelliCommunicationMelissa_buttelli_communication_relations_presse_marketing_digital_bergerac_toulouse.webp","contentUrl":"https:\/\/buttelli-communication.com\/wp-content\/uploads\/2024\/11\/cropped-LogoMelissaButtelliCommunicationMelissa_buttelli_communication_relations_presse_marketing_digital_bergerac_toulouse.webp","width":512,"height":512,"caption":"MELISSA BUTTELLI COMMUNICATION"},"image":{"@id":"https:\/\/buttelli-communication.com\/#\/schema\/logo\/image\/"}}]}},"_links":{"self":[{"href":"https:\/\/buttelli-communication.com\/index.php\/wp-json\/wp\/v2\/pages\/761","targetHints":{"allow":["GET"]}}],"collection":[{"href":"https:\/\/buttelli-communication.com\/index.php\/wp-json\/wp\/v2\/pages"}],"about":[{"href":"https:\/\/buttelli-communication.com\/index.php\/wp-json\/wp\/v2\/types\/page"}],"author":[{"embeddable":true,"href":"https:\/\/buttelli-communication.com\/index.php\/wp-json\/wp\/v2\/users\/1"}],"replies":[{"embeddable":true,"href":"https:\/\/buttelli-communication.com\/index.php\/wp-json\/wp\/v2\/comments?post=761"}],"version-history":[{"count":19,"href":"https:\/\/buttelli-communication.com\/index.php\/wp-json\/wp\/v2\/pages\/761\/revisions"}],"predecessor-version":[{"id":997,"href":"https:\/\/buttelli-communication.com\/index.php\/wp-json\/wp\/v2\/pages\/761\/revisions\/997"}],"wp:attachment":[{"href":"https:\/\/buttelli-communication.com\/index.php\/wp-json\/wp\/v2\/media?parent=761"}],"curies":[{"name":"wp","href":"https:\/\/api.w.org\/{rel}","templated":true}]}}